{"id":103,"date":"2025-09-24T06:26:43","date_gmt":"2025-09-24T06:26:43","guid":{"rendered":"https:\/\/bytesharing.com\/?page_id=103"},"modified":"2025-10-20T19:54:34","modified_gmt":"2025-10-20T19:54:34","slug":"blog-test","status":"publish","type":"page","link":"https:\/\/bytesharing.com\/?page_id=103","title":{"rendered":"Algo de actualidad: \u00bfQu\u00e9 demonios est\u00e1 sucediendo?"},"content":{"rendered":"\n\t\t\t<div class=\"display-post-types\">\n\t\t\t\t\n\t\t\t\t\t\t\t<style type=\"text\/css\">\n\t\t\t#dpt-wrapper-561 { --dpt-text-align: left;--dpt-image-crop: center;--dpt-border-radius: 5px;--dpt-h-gutter: 10px;--dpt-v-gutter: 10px; }\t\t\t<\/style>\n\t\t\t<style type=\"text\/css\">#dpt-wrapper-561 { --dpt-title-font-style:normal;--dpt-title-font-weight:600;--dpt-title-line-height:1.5;--dpt-title-text-decoration:none;--dpt-title-text-transform:none;--dpt-excerpt-font-style:normal;--dpt-excerpt-font-weight:400;--dpt-excerpt-line-height:1.5;--dpt-excerpt-text-decoration:none;--dpt-excerpt-text-transform:none;--dpt-meta1-font-style:normal;--dpt-meta1-font-weight:400;--dpt-meta1-line-height:1.9;--dpt-meta1-text-decoration:none;--dpt-meta1-text-transform:none;--dpt-meta2-font-style:normal;--dpt-meta2-font-weight:400;--dpt-meta2-line-height:1.9;--dpt-meta2-text-decoration:none;--dpt-meta2-text-transform:none; }<\/style>\t\t\t\n\t\t\t\t<div id=\"dpt-wrapper-561\" class=\"dpt-wrapper dpt-mag1 land1 dpt-cropped dpt-flex-wrap\" >\n\n\t\t\t\t\t\t\t\t\t\t\t<div class=\"dpt-entry has-thumbnail\" data-title=\"internacional: interceptaci\u00f3n de la flotilla humanitaria frente a gaza\" data-id=\"81\"  data-category=\"wtf!\">\n\t\t\t\t\t\t\t<div class=\"dpt-entry-wrapper\"><div class=\" dpt-featured-content\"><div class=\" dpt-permalink\"><a href=\"https:\/\/bytesharing.com\/?p=81\" class=\"dpt-permalink\"><span class=\"screen-reader-text\">Internacional: Interceptaci\u00f3n de la flotilla humanitaria frente a Gaza<\/span><\/a><\/div><div class=\" dpt-thumbnail\"><div class=\"dpt-thumbnail-inner\"><img width=\"1021\" height=\"292\" class=\"attachment-full size-full\" alt=\"\" context=\"dpt\" data-dpt-src=\"https:\/\/bytesharing.com\/wp-content\/uploads\/2025\/10\/politica_half.jpg\" data-dpt-sizes=\"(max-width: 1021px) 100vw, 1021px\" data-dpt-srcset=\"https:\/\/bytesharing.com\/wp-content\/uploads\/2025\/10\/politica_half.jpg 1021w, https:\/\/bytesharing.com\/wp-content\/uploads\/2025\/10\/politica_half-300x86.jpg 300w, https:\/\/bytesharing.com\/wp-content\/uploads\/2025\/10\/politica_half-768x220.jpg 768w\" \/><\/div><span class=\"dpt-thumbnail-aspect-ratio\" style=\"padding-top: 75%\"><\/span><\/div><\/div><div class=\" sub-entry\"><h3 class=\" dpt-title\"><a class=\"dpt-title-link\" href=\"https:\/\/bytesharing.com\/?p=81\" rel=\"bookmark\">Internacional: Interceptaci\u00f3n de la flotilla humanitaria frente a Gaza<\/a><\/h3><div class=\"dpt-meta1 dpt-meta\"><div class=\" dpt-author\"><a href=\"https:\/\/bytesharing.com\/?author=1\"><span>admin<\/span><\/a><\/div> \u00b7 <div class=\" dpt-date\"><time datetime=\"2025-10-04T06:19:50+00:00\">octubre 4, 2025<\/time><\/div><\/div><div class=\" dpt-excerpt\">Israel intercept\u00f3 la Global Sumud Flotilla que intentaba llevar ayuda humanitaria a Gaza, generando protestas internacionales y una huelga general en Italia. Opini\u00f3n: Vaya por delante que la Organizaci\u00f3n de Ham\u00e1s no es para nada<p class=\"dpt-has-teaser dpt-link-more\"><a class=\"dpt-more-link\" href=\"https:\/\/bytesharing.com\/?p=81\"><span>Continue reading<\/span> <span class=\"screen-reader-text\">Internacional: Interceptaci\u00f3n de la flotilla humanitaria frente a Gaza<\/span><\/a><\/p><\/div><\/div><\/div>\n\t\t\t\t\t\t<\/div><!-- .dpt-entry -->\n\t\t\t\t\t\t\t\t\t\t\t\t<div class=\"dpt-entry has-thumbnail\" data-title=\"deportes: champions league: barcelona vs psg\" data-id=\"255\"  data-category=\"wtf!\">\n\t\t\t\t\t\t\t<div class=\"dpt-entry-wrapper\"><div class=\" dpt-featured-content\"><div class=\" dpt-permalink\"><a href=\"https:\/\/bytesharing.com\/?p=255\" class=\"dpt-permalink\"><span class=\"screen-reader-text\">Deportes: Champions League: Barcelona vs PSG<\/span><\/a><\/div><div class=\" dpt-thumbnail\"><div class=\"dpt-thumbnail-inner\"><img width=\"1024\" height=\"1024\" class=\"attachment-full size-full\" alt=\"\" context=\"dpt\" data-dpt-src=\"https:\/\/bytesharing.com\/wp-content\/uploads\/2025\/10\/Deportes.png\" data-dpt-sizes=\"(max-width: 1024px) 100vw, 1024px\" data-dpt-srcset=\"https:\/\/bytesharing.com\/wp-content\/uploads\/2025\/10\/Deportes.png 1024w, https:\/\/bytesharing.com\/wp-content\/uploads\/2025\/10\/Deportes-300x300.png 300w, https:\/\/bytesharing.com\/wp-content\/uploads\/2025\/10\/Deportes-150x150.png 150w, https:\/\/bytesharing.com\/wp-content\/uploads\/2025\/10\/Deportes-768x768.png 768w\" \/><\/div><span class=\"dpt-thumbnail-aspect-ratio\" style=\"padding-top: 75%\"><\/span><\/div><\/div><div class=\" sub-entry\"><h3 class=\" dpt-title\"><a class=\"dpt-title-link\" href=\"https:\/\/bytesharing.com\/?p=255\" rel=\"bookmark\">Deportes: Champions League: Barcelona vs PSG<\/a><\/h3><div class=\"dpt-meta1 dpt-meta\"><div class=\" dpt-author\"><a href=\"https:\/\/bytesharing.com\/?author=1\"><span>admin<\/span><\/a><\/div> \u00b7 <div class=\" dpt-date\"><time datetime=\"2025-10-03T21:35:54+00:00\">octubre 3, 2025<\/time><\/div><\/div><div class=\" dpt-excerpt\">\u00a0 El PSG vence al Barcelona en un partido clave de la Champions League, destacando la actuaci\u00f3n de Luis Enrique. Opini\u00f3n: Gran partido. Gran decepci\u00f3n para los Cul\u00e9s. Pero se enfrentaron a un equipazo entrenado<p class=\"dpt-has-teaser dpt-link-more\"><a class=\"dpt-more-link\" href=\"https:\/\/bytesharing.com\/?p=255\"><span>Continue reading<\/span> <span class=\"screen-reader-text\">Deportes: Champions League: Barcelona vs PSG<\/span><\/a><\/p><\/div><\/div><\/div>\n\t\t\t\t\t\t<\/div><!-- .dpt-entry -->\n\t\t\t\t\t\t\t\t\t\t\t\t<div class=\"dpt-entry has-thumbnail\" data-title=\"econom\u00eda: burbuja de ia y tensiones econ\u00f3micas\" data-id=\"83\"  data-category=\"wtf!\">\n\t\t\t\t\t\t\t<div class=\"dpt-entry-wrapper\"><div class=\" dpt-featured-content\"><div class=\" dpt-permalink\"><a href=\"https:\/\/bytesharing.com\/?p=83\" class=\"dpt-permalink\"><span class=\"screen-reader-text\">Econom\u00eda: Burbuja de IA y tensiones econ\u00f3micas<\/span><\/a><\/div><div class=\" dpt-thumbnail\"><div class=\"dpt-thumbnail-inner\"><img width=\"1024\" height=\"1024\" class=\"attachment-full size-full\" alt=\"\" context=\"dpt\" data-dpt-src=\"https:\/\/bytesharing.com\/wp-content\/uploads\/2025\/09\/Economy.png\" data-dpt-sizes=\"(max-width: 1024px) 100vw, 1024px\" data-dpt-srcset=\"https:\/\/bytesharing.com\/wp-content\/uploads\/2025\/09\/Economy.png 1024w, https:\/\/bytesharing.com\/wp-content\/uploads\/2025\/09\/Economy-300x300.png 300w, https:\/\/bytesharing.com\/wp-content\/uploads\/2025\/09\/Economy-150x150.png 150w, https:\/\/bytesharing.com\/wp-content\/uploads\/2025\/09\/Economy-768x768.png 768w\" \/><\/div><span class=\"dpt-thumbnail-aspect-ratio\" style=\"padding-top: 75%\"><\/span><\/div><\/div><div class=\" sub-entry\"><h3 class=\" dpt-title\"><a class=\"dpt-title-link\" href=\"https:\/\/bytesharing.com\/?p=83\" rel=\"bookmark\">Econom\u00eda: Burbuja de IA y tensiones econ\u00f3micas<\/a><\/h3><div class=\"dpt-meta1 dpt-meta\"><div class=\" dpt-author\"><a href=\"https:\/\/bytesharing.com\/?author=1\"><span>admin<\/span><\/a><\/div> \u00b7 <div class=\" dpt-date\"><time datetime=\"2025-09-24T06:19:19+00:00\">septiembre 24, 2025<\/time><\/div><\/div><div class=\" dpt-excerpt\">Bank of America advierte sobre una burbuja especulativa en el sector de inteligencia artificial, mientras se observan se\u00f1ales de tensi\u00f3n en petr\u00f3leo y vivienda. \u00bfC\u00f3mo? \u00bfSe\u00f1ales especulativas en el sector de la IA? \u00bfSeguro? Nooooo,<p class=\"dpt-has-teaser dpt-link-more\"><a class=\"dpt-more-link\" href=\"https:\/\/bytesharing.com\/?p=83\"><span>Continue reading<\/span> <span class=\"screen-reader-text\">Econom\u00eda: Burbuja de IA y tensiones econ\u00f3micas<\/span><\/a><\/p><\/div><\/div><\/div>\n\t\t\t\t\t\t<\/div><!-- .dpt-entry -->\n\t\t\t\t\t\t\t\t\t\t\t\t<div class=\"dpt-entry has-thumbnail\" data-title=\"sociedad: aumento de abortos en espa\u00f1a\" data-id=\"87\"  data-category=\"wtf!\">\n\t\t\t\t\t\t\t<div class=\"dpt-entry-wrapper\"><div class=\" dpt-featured-content\"><div class=\" dpt-permalink\"><a href=\"https:\/\/bytesharing.com\/?p=87\" class=\"dpt-permalink\"><span class=\"screen-reader-text\">Sociedad: Aumento de abortos en Espa\u00f1a<\/span><\/a><\/div><div class=\" dpt-thumbnail\"><div class=\"dpt-thumbnail-inner\"><img width=\"1024\" height=\"1024\" class=\"attachment-full size-full\" alt=\"\" context=\"dpt\" data-dpt-src=\"https:\/\/bytesharing.com\/wp-content\/uploads\/2025\/09\/Sociedad.png\" data-dpt-sizes=\"(max-width: 1024px) 100vw, 1024px\" data-dpt-srcset=\"https:\/\/bytesharing.com\/wp-content\/uploads\/2025\/09\/Sociedad.png 1024w, https:\/\/bytesharing.com\/wp-content\/uploads\/2025\/09\/Sociedad-300x300.png 300w, https:\/\/bytesharing.com\/wp-content\/uploads\/2025\/09\/Sociedad-150x150.png 150w, https:\/\/bytesharing.com\/wp-content\/uploads\/2025\/09\/Sociedad-768x768.png 768w\" \/><\/div><span class=\"dpt-thumbnail-aspect-ratio\" style=\"padding-top: 75%\"><\/span><\/div><\/div><div class=\" sub-entry\"><h3 class=\" dpt-title\"><a class=\"dpt-title-link\" href=\"https:\/\/bytesharing.com\/?p=87\" rel=\"bookmark\">Sociedad: Aumento de abortos en Espa\u00f1a<\/a><\/h3><div class=\"dpt-meta1 dpt-meta\"><div class=\" dpt-author\"><a href=\"https:\/\/bytesharing.com\/?author=1\"><span>admin<\/span><\/a><\/div> \u00b7 <div class=\" dpt-date\"><time datetime=\"2025-09-24T06:18:37+00:00\">septiembre 24, 2025<\/time><\/div><\/div><div class=\" dpt-excerpt\">\u00a0 Espa\u00f1a registra un aumento en las interrupciones voluntarias del embarazo, rozando cifras r\u00e9cord y generando debate social. Bien. Pero \u00bfDebate social? Actualmente, el aborto no est\u00e1 reconocido expl\u00edcitamente en la Constituci\u00f3n Espa\u00f1ola, pero s\u00ed<p class=\"dpt-has-teaser dpt-link-more\"><a class=\"dpt-more-link\" href=\"https:\/\/bytesharing.com\/?p=87\"><span>Continue reading<\/span> <span class=\"screen-reader-text\">Sociedad: Aumento de abortos en Espa\u00f1a<\/span><\/a><\/p><\/div><\/div><\/div>\n\t\t\t\t\t\t<\/div><!-- .dpt-entry -->\n\t\t\t\t\t\t\t\t\t\t\t\t<div class=\"dpt-entry has-thumbnail\" data-title=\"cultura: buenafuente: futuro imperfecto\" data-id=\"89\"  data-category=\"wtf!\">\n\t\t\t\t\t\t\t<div class=\"dpt-entry-wrapper\"><div class=\" dpt-featured-content\"><div class=\" dpt-permalink\"><a href=\"https:\/\/bytesharing.com\/?p=89\" class=\"dpt-permalink\"><span class=\"screen-reader-text\">Cultura: BuenaFuente: Futuro Imperfecto<\/span><\/a><\/div><div class=\" dpt-thumbnail\"><div class=\"dpt-thumbnail-inner\"><img width=\"1300\" height=\"464\" class=\"attachment-full size-full\" alt=\"\" context=\"dpt\" data-dpt-src=\"https:\/\/bytesharing.com\/wp-content\/uploads\/2025\/09\/futuro-imperfecto-t1-6-4.jpg\" data-dpt-sizes=\"(max-width: 1300px) 100vw, 1300px\" data-dpt-srcset=\"https:\/\/bytesharing.com\/wp-content\/uploads\/2025\/09\/futuro-imperfecto-t1-6-4.jpg 1300w, https:\/\/bytesharing.com\/wp-content\/uploads\/2025\/09\/futuro-imperfecto-t1-6-4-300x107.jpg 300w, https:\/\/bytesharing.com\/wp-content\/uploads\/2025\/09\/futuro-imperfecto-t1-6-4-1024x365.jpg 1024w, https:\/\/bytesharing.com\/wp-content\/uploads\/2025\/09\/futuro-imperfecto-t1-6-4-768x274.jpg 768w\" \/><\/div><span class=\"dpt-thumbnail-aspect-ratio\" style=\"padding-top: 75%\"><\/span><\/div><\/div><div class=\" sub-entry\"><h3 class=\" dpt-title\"><a class=\"dpt-title-link\" href=\"https:\/\/bytesharing.com\/?p=89\" rel=\"bookmark\">Cultura: BuenaFuente: Futuro Imperfecto<\/a><\/h3><div class=\"dpt-meta1 dpt-meta\"><div class=\" dpt-author\"><a href=\"https:\/\/bytesharing.com\/?author=1\"><span>admin<\/span><\/a><\/div> \u00b7 <div class=\" dpt-date\"><time datetime=\"2025-09-24T06:18:18+00:00\">septiembre 24, 2025<\/time><\/div><\/div><div class=\" dpt-excerpt\">\u00a0 (Atenci\u00f3n: esto no es opini\u00f3n, esto es lo que Copilot me dice del programa. La opini\u00f3n viene al final) La clase pol\u00edtica de derechas, especialmente sectores vinculados a VOX y al Partido Popular, ha<p class=\"dpt-has-teaser dpt-link-more\"><a class=\"dpt-more-link\" href=\"https:\/\/bytesharing.com\/?p=89\"><span>Continue reading<\/span> <span class=\"screen-reader-text\">Cultura: BuenaFuente: Futuro Imperfecto<\/span><\/a><\/p><\/div><\/div><\/div>\n\t\t\t\t\t\t<\/div><!-- .dpt-entry -->\n\t\t\t\t\t\t\n\t\t\t\t<\/div>\n\t\t\t<div class=\"dp-pagination\"><\/div>\t\t\t<\/div>\n\t\t\t\n\n\n\n<p><\/p>\n","protected":false},"excerpt":{"rendered":"","protected":false},"author":1,"featured_media":0,"parent":0,"menu_order":0,"comment_status":"closed","ping_status":"closed","template":"","meta":{"footnotes":""},"class_list":["post-103","page","type-page","status-publish","hentry"],"_links":{"self":[{"href":"https:\/\/bytesharing.com\/index.php?rest_route=\/wp\/v2\/pages\/103","targetHints":{"allow":["GET"]}}],"collection":[{"href":"https:\/\/bytesharing.com\/index.php?rest_route=\/wp\/v2\/pages"}],"about":[{"href":"https:\/\/bytesharing.com\/index.php?rest_route=\/wp\/v2\/types\/page"}],"author":[{"embeddable":true,"href":"https:\/\/bytesharing.com\/index.php?rest_route=\/wp\/v2\/users\/1"}],"replies":[{"embeddable":true,"href":"https:\/\/bytesharing.com\/index.php?rest_route=%2Fwp%2Fv2%2Fcomments&post=103"}],"version-history":[{"count":7,"href":"https:\/\/bytesharing.com\/index.php?rest_route=\/wp\/v2\/pages\/103\/revisions"}],"predecessor-version":[{"id":288,"href":"https:\/\/bytesharing.com\/index.php?rest_route=\/wp\/v2\/pages\/103\/revisions\/288"}],"wp:attachment":[{"href":"https:\/\/bytesharing.com\/index.php?rest_route=%2Fwp%2Fv2%2Fmedia&parent=103"}],"curies":[{"name":"wp","href":"https:\/\/api.w.org\/{rel}","templated":true}]}}